{"id":1993,"date":"2017-05-12T17:33:16","date_gmt":"2017-05-12T16:33:16","guid":{"rendered":"http:\/\/www.ritamascialino.com\/cms\/?page_id=1993"},"modified":"2017-05-12T21:03:31","modified_gmt":"2017-05-12T20:03:31","slug":"cuore-della-vita","status":"publish","type":"page","link":"https:\/\/www.ritamascialino.com\/cms\/cuore-della-vita\/","title":{"rendered":"Cuore della vita"},"content":{"rendered":"<p>Cuore della vita (Viene il tempo in cui svesti il camaglio)<\/p>\n<p>Primo Premio Ed. 2015 alla Universum Academy Switzerland Presidenza Regionale della Basilicata<\/p>\n<p>Poesie e biografia inserite nella Antologia di Poesia Contemporanea' a cura della Universum Academy<\/p>\n<p><a href=\"http:\/\/www.ritamascialino.com\/cms\/wp-content\/uploads\/2014\/09\/cuore_della_vita_cover.jpg\"><img loading=\"lazy\" class=\"alignnone size-full wp-image-1786\" src=\"http:\/\/www.ritamascialino.com\/cms\/wp-content\/uploads\/2014\/09\/cuore_della_vita_cover.jpg\" alt=\"cuore_della_vita_cover\" width=\"900\" height=\"659\" \/><\/a><\/p>\n<p>&nbsp;<\/p>\n<div data-canvas-width=\"278.048\"><\/div>\n<div data-canvas-width=\"278.048\">Da Rita Mascialino, <em>CUORE DELLA VITA<\/em> (Cleup Editrice Universit\u00e0 di Padova, 19):<\/div>\n<div data-canvas-width=\"278.048\"><\/div>\n<div data-canvas-width=\"278.048\"><\/div>\n<div data-canvas-width=\"252.68800000000013\"><em>Viene il tempo in cui svesti il camaglio<\/em><\/div>\n<div data-canvas-width=\"249.9040000000001\">Viene il tempo in cui svesti il camaglio<\/div>\n<div data-canvas-width=\"78.144\">E la corazza<\/div>\n<div data-canvas-width=\"124.89599999999999\">La spada non \u00e8 pi\u00f9<\/div>\n<div data-canvas-width=\"97.19999999999999\">Arma adeguata<\/div>\n<div data-canvas-width=\"76.39999999999999\">E va riposta<\/div>\n<div data-canvas-width=\"225.50400000000008\">Ti scopri non pi\u00f9 in combattimento<\/div>\n<div data-canvas-width=\"216.70400000000006\">Las gloria della lotta ti ha lasciato<\/div>\n<div data-canvas-width=\"118.19200000000001\">Il ritiro della pace<\/div>\n<div data-canvas-width=\"111.04000000000002\">Non ti appartiene<\/div>\n<div data-canvas-width=\"80.352\">Sei straniero<\/div>\n<div data-canvas-width=\"139.82399999999996\">Sui campi di battaglia<\/div>\n<div data-canvas-width=\"84.352\">Sei straniero<\/div>\n<div data-canvas-width=\"142.49599999999998\">Sui campi della quiete<\/div>\n<div data-canvas-width=\"80.352\">Sei straniero<\/div>\n<div data-canvas-width=\"138.992\">Alla vita e alla morte.<\/div>\n<div data-canvas-width=\"138.992\"><\/div>\n<div data-canvas-width=\"641.4239999999998\"><\/div>\n<div data-canvas-width=\"641.4239999999998\">\u201cPoesia il cui protagonista, proiezione dell\u2019Autrice e sul piano universale immagine simbolica<\/div>\n<div data-canvas-width=\"641.3760000000002\">dell\u2019umanit\u00e0 intera, interpreta la vita come una battaglia che ha combattuto e combatte difendendo<\/div>\n<div data-canvas-width=\"641.0079999999998\">le proprie posizioni con la spada e la corazza, come un guerriero che non teme il corpo a corpo ed \u00e8<\/div>\n<div data-canvas-width=\"640.9119999999995\">abituato ad affrontare di petto e in prima persona i problemi che sono connaturati a un esistere<\/div>\n<div data-canvas-width=\"641.2000000000003\">vissuto in piena gloria di battaglie, vinte o perdute che siano, il testo non si riferisce n\u00e9 a sconfitte,<\/div>\n<div data-canvas-width=\"641.2160000000002\">n\u00e9 a vittorie, ma unicamente alla \u201cgloria della lotta\u201d. Nell\u2019ora tremenda in cui non questo audace<\/div>\n<div data-canvas-width=\"641.2320000000002\">protagonista si rende conto che non pu\u00f2 pi\u00f9 combattere come un tempo quando le forze<\/div>\n<div data-canvas-width=\"641.9680000000003\">rispondevano alle necessit\u00e0 del vivere, la vita muta per lui aspetto e senso. E si trova disorientato<\/div>\n<div data-canvas-width=\"642.1279999999992\">fuori dall\u2019ambito della lotta che gli \u00e8 congeniale e che deve abbandonare, ma anche nell\u2019ambito<\/div>\n<div data-canvas-width=\"641.8880000000003\">della pace che lo attende e che non conosce. Ha sperimentato la vita pi\u00f9 intensa e, nel momento di<\/div>\n<div data-canvas-width=\"640.8800000000001\">cedere le armi, la tranquillit\u00e0 con la sua dolce e pi\u00f9 debole vitalit\u00e0 risulta estranea alla sua<\/div>\n<div data-canvas-width=\"641.4720000000002\">personalit\u00e0. In altri termini: non pu\u00f2 pi\u00f9 combattere, ma non sa o non vuole vivere all\u2019insegna di<\/div>\n<div data-canvas-width=\"641.1359999999999\">una vita di riposo, quasi questa sia troppo vicina alla quiete della morte, cos\u00ec che la vita ma anche la<\/div>\n<div data-canvas-width=\"641.8719999999997\">morte stessa gli sono divenute straniere, ci\u00f2 nel disorientamento che colpisce gli umani quando<\/div>\n<div data-canvas-width=\"642.2399999999998\">sanno di non poter pi\u00f9 continuare a vivere come vorrebbero e sono consapevoli di dover lasciare per<\/div>\n<div data-canvas-width=\"374.0640000000001\">sempre le armi, simbolo delle energie vitali pi\u00f9 intense.\u201d<\/div>\n<div data-canvas-width=\"107.93599999999999\">Rita Mascialino<\/div>\n<p>&nbsp;<\/p>\n","protected":false},"excerpt":{"rendered":"<p>Cuore della vita (Viene il tempo in cui svesti il camaglio) Primo Premio Ed. 2015 alla Universum Academy Switzerland Presidenza Regionale della Basilicata Poesie e biografia inserite nella Antologia di Poesia Contemporanea&#8217; a cura della Universum Academy &nbsp; Da Rita Mascialino, CUORE DELLA VITA (Cleup Editrice Universit\u00e0 di Padova, 19): Viene il tempo in cui [&hellip;]<\/p>\n","protected":false},"author":4,"featured_media":0,"parent":0,"menu_order":0,"comment_status":"closed","ping_status":"open","template":"","meta":[],"aioseo_notices":[],"_links":{"self":[{"href":"https:\/\/www.ritamascialino.com\/cms\/wp-json\/wp\/v2\/pages\/1993"}],"collection":[{"href":"https:\/\/www.ritamascialino.com\/cms\/wp-json\/wp\/v2\/pages"}],"about":[{"href":"https:\/\/www.ritamascialino.com\/cms\/wp-json\/wp\/v2\/types\/page"}],"author":[{"embeddable":true,"href":"https:\/\/www.ritamascialino.com\/cms\/wp-json\/wp\/v2\/users\/4"}],"replies":[{"embeddable":true,"href":"https:\/\/www.ritamascialino.com\/cms\/wp-json\/wp\/v2\/comments?post=1993"}],"version-history":[{"count":6,"href":"https:\/\/www.ritamascialino.com\/cms\/wp-json\/wp\/v2\/pages\/1993\/revisions"}],"predecessor-version":[{"id":2018,"href":"https:\/\/www.ritamascialino.com\/cms\/wp-json\/wp\/v2\/pages\/1993\/revisions\/2018"}],"wp:attachment":[{"href":"https:\/\/www.ritamascialino.com\/cms\/wp-json\/wp\/v2\/media?parent=1993"}],"curies":[{"name":"wp","href":"https:\/\/api.w.org\/{rel}","templated":true}]}}